{"id":1001,"date":"2016-06-01T14:00:19","date_gmt":"2016-06-01T14:00:19","guid":{"rendered":"https:\/\/laboratoriodehistoria.pt\/?post_type=jetpack-portfolio&#038;p=1001"},"modified":"2020-11-10T18:02:27","modified_gmt":"2020-11-10T18:02:27","slug":"508","status":"publish","type":"jetpack-portfolio","link":"https:\/\/laboratoriodehistoria.pt\/index.php\/portfolio\/508\/","title":{"rendered":"Fundos Comunit\u00e1rios em Portugal | Caf\u00e9 Europa"},"content":{"rendered":"<p>A investigadora Alice Cunha esteve na Escola Secund\u00e1ria Francisco Rodrigues Lobo, no dia 11 de maio de 2016, para discutir com os alunos desta escola acerca dos Fundos Comunit\u00e1rios em Portugal.<\/p>\n<p>Os participantes debateram as quest\u00f5es lan\u00e7adas pela investigadora Alice Cunha, em grupos, elegendo um porta-voz que apresentou as conclus\u00f5es e sugest\u00f5es a todos.<\/p>\n<p>O tema suscitou interesse sobretudo no que toca ao financiamento de projetos locais, \u00e0 agricultura e educa\u00e7\u00e3o.<\/p>\n<div class=\"tiled-gallery type-rectangular tiled-gallery-unresized\" data-original-width=\"500\" data-carousel-extra='{&quot;blog_id&quot;:1,&quot;permalink&quot;:&quot;https:\\\/\\\/laboratoriodehistoria.pt\\\/index.php\\\/portfolio\\\/508\\\/&quot;,&quot;likes_blog_id&quot;:184771691}' itemscope itemtype=\"http:\/\/schema.org\/ImageGallery\" > <div class=\"gallery-row\" style=\"width: 500px; height: 251px;\" data-original-width=\"500\" data-original-height=\"251\" > <div class=\"gallery-group images-1\" style=\"width: 334px; height: 251px;\" data-original-width=\"334\" data-original-height=\"251\" > <div class=\"tiled-gallery-item tiled-gallery-item-large\" itemprop=\"associatedMedia\" itemscope itemtype=\"http:\/\/schema.org\/ImageObject\"> <a href=\"https:\/\/laboratoriodehistoria.pt\/img_1170\/\" border=\"0\" itemprop=\"url\"> <meta itemprop=\"width\" content=\"330\"> <meta itemprop=\"height\" content=\"247\"> <img decoding=\"async\" class=\"\" data-attachment-id=\"503\" data-orig-file=\"https:\/\/laboratoriodehistoria.pt\/wp-content\/uploads\/2016\/06\/img_1170-scaled.jpg\" data-orig-size=\"2560,1920\" data-comments-opened=\"1\" data-image-meta=\"{&quot;aperture&quot;:&quot;4&quot;,&quot;credit&quot;:&quot;&quot;,&quot;camera&quot;:&quot;Canon IXUS 150&quot;,&quot;caption&quot;:&quot;&quot;,&quot;created_timestamp&quot;:&quot;1462978235&quot;,&quot;copyright&quot;:&quot;&quot;,&quot;focal_length&quot;:&quot;13.162&quot;,&quot;iso&quot;:&quot;100&quot;,&quot;shutter_speed&quot;:&quot;0.01&quot;,&quot;title&quot;:&quot;&quot;,&quot;orientation&quot;:&quot;1&quot;}\" data-image-title=\"Caf\u00e9 Europa\" data-image-description=\"\" data-medium-file=\"https:\/\/i0.wp.com\/laboratoriodehistoria.pt\/wp-content\/uploads\/2016\/06\/img_1170-scaled.jpg?fit=300%2C225&#038;ssl=1\" data-large-file=\"https:\/\/i0.wp.com\/laboratoriodehistoria.pt\/wp-content\/uploads\/2016\/06\/img_1170-scaled.jpg?fit=1024%2C768&#038;ssl=1\" src=\"https:\/\/i0.wp.com\/laboratoriodehistoria.pt\/wp-content\/uploads\/2016\/06\/img_1170-scaled.jpg?w=330&#038;h=247&#038;ssl=1\" srcset=\"https:\/\/i0.wp.com\/laboratoriodehistoria.pt\/wp-content\/uploads\/2016\/06\/img_1170-scaled.jpg?w=2560&amp;ssl=1 2560w, https:\/\/i0.wp.com\/laboratoriodehistoria.pt\/wp-content\/uploads\/2016\/06\/img_1170-scaled.jpg?resize=300%2C225&amp;ssl=1 300w, https:\/\/i0.wp.com\/laboratoriodehistoria.pt\/wp-content\/uploads\/2016\/06\/img_1170-scaled.jpg?resize=1024%2C768&amp;ssl=1 1024w, https:\/\/i0.wp.com\/laboratoriodehistoria.pt\/wp-content\/uploads\/2016\/06\/img_1170-scaled.jpg?resize=768%2C576&amp;ssl=1 768w, https:\/\/i0.wp.com\/laboratoriodehistoria.pt\/wp-content\/uploads\/2016\/06\/img_1170-scaled.jpg?resize=1536%2C1152&amp;ssl=1 1536w, https:\/\/i0.wp.com\/laboratoriodehistoria.pt\/wp-content\/uploads\/2016\/06\/img_1170-scaled.jpg?resize=2048%2C1536&amp;ssl=1 2048w, https:\/\/i0.wp.com\/laboratoriodehistoria.pt\/wp-content\/uploads\/2016\/06\/img_1170-scaled.jpg?resize=800%2C600&amp;ssl=1 800w\" width=\"330\" height=\"247\" loading=\"lazy\" data-original-width=\"330\" data-original-height=\"247\" itemprop=\"http:\/\/schema.org\/image\" title=\"Caf\u00e9 Europa\" alt=\"Caf\u00e9 Europa Leiria\" style=\"width: 330px; height: 247px;\" \/> <\/a> <div class=\"tiled-gallery-caption\" itemprop=\"caption description\"> Caf\u00e9 Europa Leiria <\/div> <\/div> <\/div> <!-- close group --> <div class=\"gallery-group images-2\" style=\"width: 166px; height: 251px;\" data-original-width=\"166\" data-original-height=\"251\" > <div class=\"tiled-gallery-item tiled-gallery-item-small\" itemprop=\"associatedMedia\" itemscope itemtype=\"http:\/\/schema.org\/ImageObject\"> <a href=\"https:\/\/laboratoriodehistoria.pt\/img_1159\/\" border=\"0\" itemprop=\"url\"> <meta itemprop=\"width\" content=\"162\"> <meta itemprop=\"height\" content=\"122\"> <img decoding=\"async\" class=\"\" data-attachment-id=\"501\" data-orig-file=\"https:\/\/laboratoriodehistoria.pt\/wp-content\/uploads\/2016\/06\/img_1159-scaled.jpg\" data-orig-size=\"2560,1920\" data-comments-opened=\"1\" data-image-meta=\"{&quot;aperture&quot;:&quot;3.2&quot;,&quot;credit&quot;:&quot;&quot;,&quot;camera&quot;:&quot;Canon IXUS 150&quot;,&quot;caption&quot;:&quot;&quot;,&quot;created_timestamp&quot;:&quot;1462977982&quot;,&quot;copyright&quot;:&quot;&quot;,&quot;focal_length&quot;:&quot;5&quot;,&quot;iso&quot;:&quot;400&quot;,&quot;shutter_speed&quot;:&quot;0.008&quot;,&quot;title&quot;:&quot;&quot;,&quot;orientation&quot;:&quot;1&quot;}\" data-image-title=\"IMG_1159\" data-image-description=\"\" data-medium-file=\"https:\/\/i0.wp.com\/laboratoriodehistoria.pt\/wp-content\/uploads\/2016\/06\/img_1159-scaled.jpg?fit=300%2C225&#038;ssl=1\" data-large-file=\"https:\/\/i0.wp.com\/laboratoriodehistoria.pt\/wp-content\/uploads\/2016\/06\/img_1159-scaled.jpg?fit=1024%2C768&#038;ssl=1\" src=\"https:\/\/i0.wp.com\/laboratoriodehistoria.pt\/wp-content\/uploads\/2016\/06\/img_1159-scaled.jpg?w=162&#038;h=122&#038;ssl=1\" srcset=\"https:\/\/i0.wp.com\/laboratoriodehistoria.pt\/wp-content\/uploads\/2016\/06\/img_1159-scaled.jpg?w=2560&amp;ssl=1 2560w, https:\/\/i0.wp.com\/laboratoriodehistoria.pt\/wp-content\/uploads\/2016\/06\/img_1159-scaled.jpg?resize=300%2C225&amp;ssl=1 300w, https:\/\/i0.wp.com\/laboratoriodehistoria.pt\/wp-content\/uploads\/2016\/06\/img_1159-scaled.jpg?resize=1024%2C768&amp;ssl=1 1024w, https:\/\/i0.wp.com\/laboratoriodehistoria.pt\/wp-content\/uploads\/2016\/06\/img_1159-scaled.jpg?resize=768%2C576&amp;ssl=1 768w, https:\/\/i0.wp.com\/laboratoriodehistoria.pt\/wp-content\/uploads\/2016\/06\/img_1159-scaled.jpg?resize=1536%2C1152&amp;ssl=1 1536w, https:\/\/i0.wp.com\/laboratoriodehistoria.pt\/wp-content\/uploads\/2016\/06\/img_1159-scaled.jpg?resize=2048%2C1536&amp;ssl=1 2048w, https:\/\/i0.wp.com\/laboratoriodehistoria.pt\/wp-content\/uploads\/2016\/06\/img_1159-scaled.jpg?resize=800%2C600&amp;ssl=1 800w\" width=\"162\" height=\"122\" loading=\"lazy\" data-original-width=\"162\" data-original-height=\"122\" itemprop=\"http:\/\/schema.org\/image\" title=\"IMG_1159\" alt=\"Caf\u00e9 Europa Leiria\" style=\"width: 162px; height: 122px;\" \/> <\/a> <div class=\"tiled-gallery-caption\" itemprop=\"caption description\"> Caf\u00e9 Europa Leiria <\/div> <\/div> <div class=\"tiled-gallery-item tiled-gallery-item-small\" itemprop=\"associatedMedia\" itemscope itemtype=\"http:\/\/schema.org\/ImageObject\"> <a href=\"https:\/\/laboratoriodehistoria.pt\/img_1176\/\" border=\"0\" itemprop=\"url\"> <meta itemprop=\"width\" content=\"162\"> <meta itemprop=\"height\" content=\"121\"> <img decoding=\"async\" class=\"\" data-attachment-id=\"505\" data-orig-file=\"https:\/\/laboratoriodehistoria.pt\/wp-content\/uploads\/2016\/06\/img_1176-scaled.jpg\" data-orig-size=\"2560,1920\" data-comments-opened=\"1\" data-image-meta=\"{&quot;aperture&quot;:&quot;3.2&quot;,&quot;credit&quot;:&quot;&quot;,&quot;camera&quot;:&quot;Canon IXUS 150&quot;,&quot;caption&quot;:&quot;&quot;,&quot;created_timestamp&quot;:&quot;1462978722&quot;,&quot;copyright&quot;:&quot;&quot;,&quot;focal_length&quot;:&quot;5&quot;,&quot;iso&quot;:&quot;400&quot;,&quot;shutter_speed&quot;:&quot;0.05&quot;,&quot;title&quot;:&quot;&quot;,&quot;orientation&quot;:&quot;1&quot;}\" data-image-title=\"Caf\u00e9 Europa Leiria\" data-image-description=\"\" data-medium-file=\"https:\/\/i0.wp.com\/laboratoriodehistoria.pt\/wp-content\/uploads\/2016\/06\/img_1176-scaled.jpg?fit=300%2C225&#038;ssl=1\" data-large-file=\"https:\/\/i0.wp.com\/laboratoriodehistoria.pt\/wp-content\/uploads\/2016\/06\/img_1176-scaled.jpg?fit=1024%2C768&#038;ssl=1\" src=\"https:\/\/i0.wp.com\/laboratoriodehistoria.pt\/wp-content\/uploads\/2016\/06\/img_1176-scaled.jpg?w=162&#038;h=121&#038;ssl=1\" srcset=\"https:\/\/i0.wp.com\/laboratoriodehistoria.pt\/wp-content\/uploads\/2016\/06\/img_1176-scaled.jpg?w=2560&amp;ssl=1 2560w, https:\/\/i0.wp.com\/laboratoriodehistoria.pt\/wp-content\/uploads\/2016\/06\/img_1176-scaled.jpg?resize=300%2C225&amp;ssl=1 300w, https:\/\/i0.wp.com\/laboratoriodehistoria.pt\/wp-content\/uploads\/2016\/06\/img_1176-scaled.jpg?resize=1024%2C768&amp;ssl=1 1024w, https:\/\/i0.wp.com\/laboratoriodehistoria.pt\/wp-content\/uploads\/2016\/06\/img_1176-scaled.jpg?resize=768%2C576&amp;ssl=1 768w, https:\/\/i0.wp.com\/laboratoriodehistoria.pt\/wp-content\/uploads\/2016\/06\/img_1176-scaled.jpg?resize=1536%2C1152&amp;ssl=1 1536w, https:\/\/i0.wp.com\/laboratoriodehistoria.pt\/wp-content\/uploads\/2016\/06\/img_1176-scaled.jpg?resize=2048%2C1536&amp;ssl=1 2048w, https:\/\/i0.wp.com\/laboratoriodehistoria.pt\/wp-content\/uploads\/2016\/06\/img_1176-scaled.jpg?resize=800%2C600&amp;ssl=1 800w\" width=\"162\" height=\"121\" loading=\"lazy\" data-original-width=\"162\" data-original-height=\"121\" itemprop=\"http:\/\/schema.org\/image\" title=\"Caf\u00e9 Europa Leiria\" alt=\"Caf\u00e9 Europa Leiria\" style=\"width: 162px; height: 121px;\" \/> <\/a> <div class=\"tiled-gallery-caption\" itemprop=\"caption description\"> Caf\u00e9 Europa Leiria <\/div> <\/div> <\/div> <!-- close group --> <\/div> <!-- close row --> <div class=\"gallery-row\" style=\"width: 500px; height: 189px;\" data-original-width=\"500\" data-original-height=\"189\" > <div class=\"gallery-group images-1\" style=\"width: 250px; height: 189px;\" data-original-width=\"250\" data-original-height=\"189\" > <div class=\"tiled-gallery-item tiled-gallery-item-small\" itemprop=\"associatedMedia\" itemscope itemtype=\"http:\/\/schema.org\/ImageObject\"> <a href=\"https:\/\/laboratoriodehistoria.pt\/img_1162\/\" border=\"0\" itemprop=\"url\"> <meta itemprop=\"width\" content=\"246\"> <meta itemprop=\"height\" content=\"185\"> <img decoding=\"async\" class=\"\" data-attachment-id=\"502\" data-orig-file=\"https:\/\/laboratoriodehistoria.pt\/wp-content\/uploads\/2016\/06\/img_1162-scaled.jpg\" data-orig-size=\"2560,1920\" data-comments-opened=\"1\" data-image-meta=\"{&quot;aperture&quot;:&quot;3.2&quot;,&quot;credit&quot;:&quot;&quot;,&quot;camera&quot;:&quot;Canon IXUS 150&quot;,&quot;caption&quot;:&quot;&quot;,&quot;created_timestamp&quot;:&quot;1462978119&quot;,&quot;copyright&quot;:&quot;&quot;,&quot;focal_length&quot;:&quot;5&quot;,&quot;iso&quot;:&quot;400&quot;,&quot;shutter_speed&quot;:&quot;0.016666666666667&quot;,&quot;title&quot;:&quot;&quot;,&quot;orientation&quot;:&quot;1&quot;}\" data-image-title=\"IMG_1162\" data-image-description=\"\" data-medium-file=\"https:\/\/i0.wp.com\/laboratoriodehistoria.pt\/wp-content\/uploads\/2016\/06\/img_1162-scaled.jpg?fit=300%2C225&#038;ssl=1\" data-large-file=\"https:\/\/i0.wp.com\/laboratoriodehistoria.pt\/wp-content\/uploads\/2016\/06\/img_1162-scaled.jpg?fit=1024%2C768&#038;ssl=1\" src=\"https:\/\/i0.wp.com\/laboratoriodehistoria.pt\/wp-content\/uploads\/2016\/06\/img_1162-scaled.jpg?w=246&#038;h=185&#038;ssl=1\" srcset=\"https:\/\/i0.wp.com\/laboratoriodehistoria.pt\/wp-content\/uploads\/2016\/06\/img_1162-scaled.jpg?w=2560&amp;ssl=1 2560w, https:\/\/i0.wp.com\/laboratoriodehistoria.pt\/wp-content\/uploads\/2016\/06\/img_1162-scaled.jpg?resize=300%2C225&amp;ssl=1 300w, https:\/\/i0.wp.com\/laboratoriodehistoria.pt\/wp-content\/uploads\/2016\/06\/img_1162-scaled.jpg?resize=1024%2C768&amp;ssl=1 1024w, https:\/\/i0.wp.com\/laboratoriodehistoria.pt\/wp-content\/uploads\/2016\/06\/img_1162-scaled.jpg?resize=768%2C576&amp;ssl=1 768w, https:\/\/i0.wp.com\/laboratoriodehistoria.pt\/wp-content\/uploads\/2016\/06\/img_1162-scaled.jpg?resize=1536%2C1152&amp;ssl=1 1536w, https:\/\/i0.wp.com\/laboratoriodehistoria.pt\/wp-content\/uploads\/2016\/06\/img_1162-scaled.jpg?resize=2048%2C1536&amp;ssl=1 2048w, https:\/\/i0.wp.com\/laboratoriodehistoria.pt\/wp-content\/uploads\/2016\/06\/img_1162-scaled.jpg?resize=800%2C600&amp;ssl=1 800w\" width=\"246\" height=\"185\" loading=\"lazy\" data-original-width=\"246\" data-original-height=\"185\" itemprop=\"http:\/\/schema.org\/image\" title=\"IMG_1162\" alt=\"Caf\u00e9 Europa Leiria\" style=\"width: 246px; height: 185px;\" \/> <\/a> <div class=\"tiled-gallery-caption\" itemprop=\"caption description\"> Caf\u00e9 Europa Leiria <\/div> <\/div> <\/div> <!-- close group --> <div class=\"gallery-group images-1\" style=\"width: 250px; height: 189px;\" data-original-width=\"250\" data-original-height=\"189\" > <div class=\"tiled-gallery-item tiled-gallery-item-small\" itemprop=\"associatedMedia\" itemscope itemtype=\"http:\/\/schema.org\/ImageObject\"> <a href=\"https:\/\/laboratoriodehistoria.pt\/img_1173\/\" border=\"0\" itemprop=\"url\"> <meta itemprop=\"width\" content=\"246\"> <meta itemprop=\"height\" content=\"185\"> <img decoding=\"async\" class=\"\" data-attachment-id=\"504\" data-orig-file=\"https:\/\/laboratoriodehistoria.pt\/wp-content\/uploads\/2016\/06\/img_1173-scaled.jpg\" data-orig-size=\"2560,1920\" data-comments-opened=\"1\" data-image-meta=\"{&quot;aperture&quot;:&quot;3.2&quot;,&quot;credit&quot;:&quot;&quot;,&quot;camera&quot;:&quot;Canon IXUS 150&quot;,&quot;caption&quot;:&quot;&quot;,&quot;created_timestamp&quot;:&quot;1462978272&quot;,&quot;copyright&quot;:&quot;&quot;,&quot;focal_length&quot;:&quot;5.308&quot;,&quot;iso&quot;:&quot;160&quot;,&quot;shutter_speed&quot;:&quot;0.033333333333333&quot;,&quot;title&quot;:&quot;&quot;,&quot;orientation&quot;:&quot;1&quot;}\" data-image-title=\"IMG_1173\" data-image-description=\"\" data-medium-file=\"https:\/\/i0.wp.com\/laboratoriodehistoria.pt\/wp-content\/uploads\/2016\/06\/img_1173-scaled.jpg?fit=300%2C225&#038;ssl=1\" data-large-file=\"https:\/\/i0.wp.com\/laboratoriodehistoria.pt\/wp-content\/uploads\/2016\/06\/img_1173-scaled.jpg?fit=1024%2C768&#038;ssl=1\" src=\"https:\/\/i0.wp.com\/laboratoriodehistoria.pt\/wp-content\/uploads\/2016\/06\/img_1173-scaled.jpg?w=246&#038;h=185&#038;ssl=1\" srcset=\"https:\/\/i0.wp.com\/laboratoriodehistoria.pt\/wp-content\/uploads\/2016\/06\/img_1173-scaled.jpg?w=2560&amp;ssl=1 2560w, https:\/\/i0.wp.com\/laboratoriodehistoria.pt\/wp-content\/uploads\/2016\/06\/img_1173-scaled.jpg?resize=300%2C225&amp;ssl=1 300w, https:\/\/i0.wp.com\/laboratoriodehistoria.pt\/wp-content\/uploads\/2016\/06\/img_1173-scaled.jpg?resize=1024%2C768&amp;ssl=1 1024w, https:\/\/i0.wp.com\/laboratoriodehistoria.pt\/wp-content\/uploads\/2016\/06\/img_1173-scaled.jpg?resize=768%2C576&amp;ssl=1 768w, https:\/\/i0.wp.com\/laboratoriodehistoria.pt\/wp-content\/uploads\/2016\/06\/img_1173-scaled.jpg?resize=1536%2C1152&amp;ssl=1 1536w, https:\/\/i0.wp.com\/laboratoriodehistoria.pt\/wp-content\/uploads\/2016\/06\/img_1173-scaled.jpg?resize=2048%2C1536&amp;ssl=1 2048w, https:\/\/i0.wp.com\/laboratoriodehistoria.pt\/wp-content\/uploads\/2016\/06\/img_1173-scaled.jpg?resize=800%2C600&amp;ssl=1 800w\" width=\"246\" height=\"185\" loading=\"lazy\" data-original-width=\"246\" data-original-height=\"185\" itemprop=\"http:\/\/schema.org\/image\" title=\"IMG_1173\" alt=\"IMG_1173\" style=\"width: 246px; height: 185px;\" \/> <\/a> <\/div> <\/div> <!-- close group --> <\/div> <!-- close row --> <\/div>\n<p>As quest\u00f5es em debate partiram de ideias centrais, sobre as quais os alunos tomaram posi\u00e7\u00f5es, discutindo com os colegas acerca das mesmas:<\/p>\n<p><strong>Primeira quest\u00e3o:<\/strong><\/p>\n<blockquote><p><em>O atual ciclo do Portugal 2020 \u00e9 apenas o quinto cap\u00edtulo de tr\u00eas d\u00e9cadas de fundos europeus no pa\u00eds. Os investimentos patrocinados pela Uni\u00e3o Europeia j\u00e1 ultrapassam 10 mil euros por portugu\u00eas, mas 91% dos cidad\u00e3os n\u00e3o sabem indicar um \u00fanico projeto que tenha melhorado as suas vidas desde a ades\u00e3o \u00e0 CEE.<\/em><\/p>\n<p>Joana Nunes Mateus, in \u201cNingu\u00e9m sabe dos fundos europeus\u201d, revista <em>Exame<\/em> [edi\u00e7\u00e3o&nbsp;online; consultado a 10\/12\/2015]<\/p><\/blockquote>\n<p>Alguns exemplos de quest\u00f5es para refletir:<\/p>\n<p>&#8211; enquanto cidad\u00e3o, conhe\u00e7o o nome de algum fundo comunit\u00e1rio ou de algum projeto&nbsp;que tenha beneficiado desses apoios?<\/p>\n<p>&#8211; os fundos comunit\u00e1rios t\u00eam sido positivos para o desenvolvimento econ\u00f3mico e social&nbsp;do pa\u00eds e da sociedade portuguesa?<\/p>\n<p>&#8211; os fundos comunit\u00e1rios t\u00eam sido bem aproveitados?<\/p>\n<p>&#8211; onde e como gostaria que os fundos europeus fossem aplicados?<\/p>\n<p><strong>Segunda quest\u00e3o:<\/strong><\/p>\n<blockquote><p><em>At\u00e9 pode parecer a ideia mais simp\u00e1tica, generosa e democr\u00e1tica mas, como&nbsp;<\/em><em>a longa hist\u00f3ria dos fundos europeus j\u00e1 se encarregou de provar \u00e0 economia&nbsp;<\/em><em>portuguesa, n\u00e3o \u00e9 a repartir o dinheiro de Bruxelas por dezenas de milhares&nbsp;<\/em><em>de pequenos projetos empresariais que o pa\u00eds se consegue desenvolver.<\/em><\/p>\n<p>Joana Nunes Mateus, in \u201cN\u00e3o dividam os novos fundos europeus por tantas empresas\u201d,&nbsp;<em>Expresso<\/em>, 16 de dezembro de 2015\u00ad<\/p><\/blockquote>\n<p>&nbsp;<\/p>\n","protected":false},"excerpt":{"rendered":"<p>A investigadora Alice Cunha esteve na Escola Secund\u00e1ria Francisco Rodrigues Lobo, no dia 11 de maio de 2016, para discutir com os alunos desta escola acerca dos Fundos Comunit\u00e1rios em Portugal. Os participantes debateram as quest\u00f5es lan\u00e7adas pela investigadora Alice Cunha, em grupos, elegendo um porta-voz que apresentou as conclus\u00f5es e sugest\u00f5es a todos. O [&hellip;]<\/p>\n","protected":false},"author":1,"featured_media":503,"comment_status":"closed","ping_status":"closed","template":"","format":"standard","meta":[],"jetpack-portfolio-type":[41],"jetpack-portfolio-tag":[],"yoast_head":"<!-- This site is optimized with the Yoast SEO plugin v23.5 - https:\/\/yoast.com\/wordpress\/plugins\/seo\/ -->\n<title>Fundos Comunit\u00e1rios em Portugal | Caf\u00e9 Europa - Laborat\u00f3rio de Hist\u00f3ria, Territ\u00f3rios e Comunidades<\/title>\n<meta name=\"robots\" content=\"index, follow, max-snippet:-1, max-image-preview:large, max-video-preview:-1\" \/>\n<link rel=\"canonical\" href=\"https:\/\/laboratoriodehistoria.pt\/index.php\/portfolio\/508\/\" \/>\n<meta property=\"og:locale\" content=\"pt_PT\" \/>\n<meta property=\"og:type\" content=\"article\" \/>\n<meta property=\"og:title\" content=\"Fundos Comunit\u00e1rios em Portugal | Caf\u00e9 Europa - Laborat\u00f3rio de Hist\u00f3ria, Territ\u00f3rios e Comunidades\" \/>\n<meta property=\"og:description\" content=\"A investigadora Alice Cunha esteve na Escola Secund\u00e1ria Francisco Rodrigues Lobo, no dia 11 de maio de 2016, para discutir com os alunos desta escola acerca dos Fundos Comunit\u00e1rios em Portugal. Os participantes debateram as quest\u00f5es lan\u00e7adas pela investigadora Alice Cunha, em grupos, elegendo um porta-voz que apresentou as conclus\u00f5es e sugest\u00f5es a todos. O [&hellip;]\" \/>\n<meta property=\"og:url\" content=\"https:\/\/laboratoriodehistoria.pt\/index.php\/portfolio\/508\/\" \/>\n<meta property=\"og:site_name\" content=\"Laborat\u00f3rio de Hist\u00f3ria, Territ\u00f3rios e Comunidades\" \/>\n<meta property=\"article:modified_time\" content=\"2020-11-10T18:02:27+00:00\" \/>\n<meta property=\"og:image\" content=\"https:\/\/i1.wp.com\/laboratoriodehistoria.pt\/wp-content\/uploads\/2016\/06\/img_1170-scaled.jpg?fit=2560%2C1920&ssl=1\" \/>\n\t<meta property=\"og:image:width\" content=\"2560\" \/>\n\t<meta property=\"og:image:height\" content=\"1920\" \/>\n\t<meta property=\"og:image:type\" content=\"image\/jpeg\" \/>\n<meta name=\"twitter:card\" content=\"summary_large_image\" \/>\n<meta name=\"twitter:label1\" content=\"Tempo estimado de leitura\" \/>\n\t<meta name=\"twitter:data1\" content=\"2 minutos\" \/>\n<script type=\"application\/ld+json\" class=\"yoast-schema-graph\">{\"@context\":\"https:\/\/schema.org\",\"@graph\":[{\"@type\":\"WebPage\",\"@id\":\"https:\/\/laboratoriodehistoria.pt\/index.php\/portfolio\/508\/\",\"url\":\"https:\/\/laboratoriodehistoria.pt\/index.php\/portfolio\/508\/\",\"name\":\"Fundos Comunit\u00e1rios em Portugal | Caf\u00e9 Europa - Laborat\u00f3rio de Hist\u00f3ria, Territ\u00f3rios e Comunidades\",\"isPartOf\":{\"@id\":\"https:\/\/laboratoriodehistoria.pt\/#website\"},\"primaryImageOfPage\":{\"@id\":\"https:\/\/laboratoriodehistoria.pt\/index.php\/portfolio\/508\/#primaryimage\"},\"image\":{\"@id\":\"https:\/\/laboratoriodehistoria.pt\/index.php\/portfolio\/508\/#primaryimage\"},\"thumbnailUrl\":\"https:\/\/i0.wp.com\/laboratoriodehistoria.pt\/wp-content\/uploads\/2016\/06\/img_1170-scaled.jpg?fit=2560%2C1920&ssl=1\",\"datePublished\":\"2016-06-01T14:00:19+00:00\",\"dateModified\":\"2020-11-10T18:02:27+00:00\",\"breadcrumb\":{\"@id\":\"https:\/\/laboratoriodehistoria.pt\/index.php\/portfolio\/508\/#breadcrumb\"},\"inLanguage\":\"pt-PT\",\"potentialAction\":[{\"@type\":\"ReadAction\",\"target\":[\"https:\/\/laboratoriodehistoria.pt\/index.php\/portfolio\/508\/\"]}]},{\"@type\":\"ImageObject\",\"inLanguage\":\"pt-PT\",\"@id\":\"https:\/\/laboratoriodehistoria.pt\/index.php\/portfolio\/508\/#primaryimage\",\"url\":\"https:\/\/i0.wp.com\/laboratoriodehistoria.pt\/wp-content\/uploads\/2016\/06\/img_1170-scaled.jpg?fit=2560%2C1920&ssl=1\",\"contentUrl\":\"https:\/\/i0.wp.com\/laboratoriodehistoria.pt\/wp-content\/uploads\/2016\/06\/img_1170-scaled.jpg?fit=2560%2C1920&ssl=1\",\"width\":2560,\"height\":1920,\"caption\":\"Caf\u00e9 Europa Leiria\"},{\"@type\":\"BreadcrumbList\",\"@id\":\"https:\/\/laboratoriodehistoria.pt\/index.php\/portfolio\/508\/#breadcrumb\",\"itemListElement\":[{\"@type\":\"ListItem\",\"position\":1,\"name\":\"Home\",\"item\":\"https:\/\/laboratoriodehistoria.pt\/\"},{\"@type\":\"ListItem\",\"position\":2,\"name\":\"Projects\",\"item\":\"https:\/\/laboratoriodehistoria.pt\/index.php\/portfolio\/\"},{\"@type\":\"ListItem\",\"position\":3,\"name\":\"Fundos Comunit\u00e1rios em Portugal | Caf\u00e9 Europa\"}]},{\"@type\":\"WebSite\",\"@id\":\"https:\/\/laboratoriodehistoria.pt\/#website\",\"url\":\"https:\/\/laboratoriodehistoria.pt\/\",\"name\":\"Laborat\u00f3rio de Hist\u00f3ria, Territ\u00f3rios e Comunidades\",\"description\":\"\",\"potentialAction\":[{\"@type\":\"SearchAction\",\"target\":{\"@type\":\"EntryPoint\",\"urlTemplate\":\"https:\/\/laboratoriodehistoria.pt\/?s={search_term_string}\"},\"query-input\":{\"@type\":\"PropertyValueSpecification\",\"valueRequired\":true,\"valueName\":\"search_term_string\"}}],\"inLanguage\":\"pt-PT\"}]}<\/script>\n<!-- \/ Yoast SEO plugin. -->","yoast_head_json":{"title":"Fundos Comunit\u00e1rios em Portugal | Caf\u00e9 Europa - Laborat\u00f3rio de Hist\u00f3ria, Territ\u00f3rios e Comunidades","robots":{"index":"index","follow":"follow","max-snippet":"max-snippet:-1","max-image-preview":"max-image-preview:large","max-video-preview":"max-video-preview:-1"},"canonical":"https:\/\/laboratoriodehistoria.pt\/index.php\/portfolio\/508\/","og_locale":"pt_PT","og_type":"article","og_title":"Fundos Comunit\u00e1rios em Portugal | Caf\u00e9 Europa - Laborat\u00f3rio de Hist\u00f3ria, Territ\u00f3rios e Comunidades","og_description":"A investigadora Alice Cunha esteve na Escola Secund\u00e1ria Francisco Rodrigues Lobo, no dia 11 de maio de 2016, para discutir com os alunos desta escola acerca dos Fundos Comunit\u00e1rios em Portugal. Os participantes debateram as quest\u00f5es lan\u00e7adas pela investigadora Alice Cunha, em grupos, elegendo um porta-voz que apresentou as conclus\u00f5es e sugest\u00f5es a todos. O [&hellip;]","og_url":"https:\/\/laboratoriodehistoria.pt\/index.php\/portfolio\/508\/","og_site_name":"Laborat\u00f3rio de Hist\u00f3ria, Territ\u00f3rios e Comunidades","article_modified_time":"2020-11-10T18:02:27+00:00","og_image":[{"width":2560,"height":1920,"url":"https:\/\/i1.wp.com\/laboratoriodehistoria.pt\/wp-content\/uploads\/2016\/06\/img_1170-scaled.jpg?fit=2560%2C1920&ssl=1","type":"image\/jpeg"}],"twitter_card":"summary_large_image","twitter_misc":{"Tempo estimado de leitura":"2 minutos"},"schema":{"@context":"https:\/\/schema.org","@graph":[{"@type":"WebPage","@id":"https:\/\/laboratoriodehistoria.pt\/index.php\/portfolio\/508\/","url":"https:\/\/laboratoriodehistoria.pt\/index.php\/portfolio\/508\/","name":"Fundos Comunit\u00e1rios em Portugal | Caf\u00e9 Europa - Laborat\u00f3rio de Hist\u00f3ria, Territ\u00f3rios e Comunidades","isPartOf":{"@id":"https:\/\/laboratoriodehistoria.pt\/#website"},"primaryImageOfPage":{"@id":"https:\/\/laboratoriodehistoria.pt\/index.php\/portfolio\/508\/#primaryimage"},"image":{"@id":"https:\/\/laboratoriodehistoria.pt\/index.php\/portfolio\/508\/#primaryimage"},"thumbnailUrl":"https:\/\/i0.wp.com\/laboratoriodehistoria.pt\/wp-content\/uploads\/2016\/06\/img_1170-scaled.jpg?fit=2560%2C1920&ssl=1","datePublished":"2016-06-01T14:00:19+00:00","dateModified":"2020-11-10T18:02:27+00:00","breadcrumb":{"@id":"https:\/\/laboratoriodehistoria.pt\/index.php\/portfolio\/508\/#breadcrumb"},"inLanguage":"pt-PT","potentialAction":[{"@type":"ReadAction","target":["https:\/\/laboratoriodehistoria.pt\/index.php\/portfolio\/508\/"]}]},{"@type":"ImageObject","inLanguage":"pt-PT","@id":"https:\/\/laboratoriodehistoria.pt\/index.php\/portfolio\/508\/#primaryimage","url":"https:\/\/i0.wp.com\/laboratoriodehistoria.pt\/wp-content\/uploads\/2016\/06\/img_1170-scaled.jpg?fit=2560%2C1920&ssl=1","contentUrl":"https:\/\/i0.wp.com\/laboratoriodehistoria.pt\/wp-content\/uploads\/2016\/06\/img_1170-scaled.jpg?fit=2560%2C1920&ssl=1","width":2560,"height":1920,"caption":"Caf\u00e9 Europa Leiria"},{"@type":"BreadcrumbList","@id":"https:\/\/laboratoriodehistoria.pt\/index.php\/portfolio\/508\/#breadcrumb","itemListElement":[{"@type":"ListItem","position":1,"name":"Home","item":"https:\/\/laboratoriodehistoria.pt\/"},{"@type":"ListItem","position":2,"name":"Projects","item":"https:\/\/laboratoriodehistoria.pt\/index.php\/portfolio\/"},{"@type":"ListItem","position":3,"name":"Fundos Comunit\u00e1rios em Portugal | Caf\u00e9 Europa"}]},{"@type":"WebSite","@id":"https:\/\/laboratoriodehistoria.pt\/#website","url":"https:\/\/laboratoriodehistoria.pt\/","name":"Laborat\u00f3rio de Hist\u00f3ria, Territ\u00f3rios e Comunidades","description":"","potentialAction":[{"@type":"SearchAction","target":{"@type":"EntryPoint","urlTemplate":"https:\/\/laboratoriodehistoria.pt\/?s={search_term_string}"},"query-input":{"@type":"PropertyValueSpecification","valueRequired":true,"valueName":"search_term_string"}}],"inLanguage":"pt-PT"}]}},"jetpack_sharing_enabled":true,"_links":{"self":[{"href":"https:\/\/laboratoriodehistoria.pt\/index.php\/wp-json\/wp\/v2\/jetpack-portfolio\/1001"}],"collection":[{"href":"https:\/\/laboratoriodehistoria.pt\/index.php\/wp-json\/wp\/v2\/jetpack-portfolio"}],"about":[{"href":"https:\/\/laboratoriodehistoria.pt\/index.php\/wp-json\/wp\/v2\/types\/jetpack-portfolio"}],"author":[{"embeddable":true,"href":"https:\/\/laboratoriodehistoria.pt\/index.php\/wp-json\/wp\/v2\/users\/1"}],"replies":[{"embeddable":true,"href":"https:\/\/laboratoriodehistoria.pt\/index.php\/wp-json\/wp\/v2\/comments?post=1001"}],"version-history":[{"count":1,"href":"https:\/\/laboratoriodehistoria.pt\/index.php\/wp-json\/wp\/v2\/jetpack-portfolio\/1001\/revisions"}],"predecessor-version":[{"id":1002,"href":"https:\/\/laboratoriodehistoria.pt\/index.php\/wp-json\/wp\/v2\/jetpack-portfolio\/1001\/revisions\/1002"}],"wp:featuredmedia":[{"embeddable":true,"href":"https:\/\/laboratoriodehistoria.pt\/index.php\/wp-json\/wp\/v2\/media\/503"}],"wp:attachment":[{"href":"https:\/\/laboratoriodehistoria.pt\/index.php\/wp-json\/wp\/v2\/media?parent=1001"}],"wp:term":[{"taxonomy":"jetpack-portfolio-type","embeddable":true,"href":"https:\/\/laboratoriodehistoria.pt\/index.php\/wp-json\/wp\/v2\/jetpack-portfolio-type?post=1001"},{"taxonomy":"jetpack-portfolio-tag","embeddable":true,"href":"https:\/\/laboratoriodehistoria.pt\/index.php\/wp-json\/wp\/v2\/jetpack-portfolio-tag?post=1001"}],"curies":[{"name":"wp","href":"https:\/\/api.w.org\/{rel}","templated":true}]}}