{"id":1003,"date":"2016-10-03T12:00:52","date_gmt":"2016-10-03T12:00:52","guid":{"rendered":"https:\/\/laboratoriodehistoria.pt\/?post_type=jetpack-portfolio&#038;p=1003"},"modified":"2020-11-10T18:02:26","modified_gmt":"2020-11-10T18:02:26","slug":"a-morte-da-monarquia-constitucional-e-a-implantacao-da-republica-palestra","status":"publish","type":"jetpack-portfolio","link":"https:\/\/laboratoriodehistoria.pt\/index.php\/portfolio\/a-morte-da-monarquia-constitucional-e-a-implantacao-da-republica-palestra\/","title":{"rendered":"A Morte da Monarquia Constitucional e a implanta\u00e7\u00e3o da rep\u00fablica | Palestra"},"content":{"rendered":"","protected":false},"excerpt":{"rendered":"","protected":false},"author":1,"featured_media":1004,"comment_status":"closed","ping_status":"closed","template":"","format":"standard","meta":[],"jetpack-portfolio-type":[43],"jetpack-portfolio-tag":[61,77],"yoast_head":"<!-- This site is optimized with the Yoast SEO plugin v23.5 - https:\/\/yoast.com\/wordpress\/plugins\/seo\/ -->\n<title>A Morte da Monarquia Constitucional e a implanta\u00e7\u00e3o da rep\u00fablica | Palestra - Laborat\u00f3rio de Hist\u00f3ria, Territ\u00f3rios e Comunidades<\/title>\n<meta name=\"robots\" content=\"index, follow, max-snippet:-1, max-image-preview:large, max-video-preview:-1\" \/>\n<link rel=\"canonical\" href=\"https:\/\/laboratoriodehistoria.pt\/index.php\/portfolio\/a-morte-da-monarquia-constitucional-e-a-implantacao-da-republica-palestra\/\" \/>\n<meta property=\"og:locale\" content=\"pt_PT\" \/>\n<meta property=\"og:type\" content=\"article\" \/>\n<meta property=\"og:title\" content=\"A Morte da Monarquia Constitucional e a implanta\u00e7\u00e3o da rep\u00fablica | Palestra - Laborat\u00f3rio de Hist\u00f3ria, Territ\u00f3rios e Comunidades\" \/>\n<meta property=\"og:url\" content=\"https:\/\/laboratoriodehistoria.pt\/index.php\/portfolio\/a-morte-da-monarquia-constitucional-e-a-implantacao-da-republica-palestra\/\" \/>\n<meta property=\"og:site_name\" content=\"Laborat\u00f3rio de Hist\u00f3ria, Territ\u00f3rios e Comunidades\" \/>\n<meta property=\"article:modified_time\" content=\"2020-11-10T18:02:26+00:00\" \/>\n<meta property=\"og:image\" content=\"https:\/\/i2.wp.com\/laboratoriodehistoria.pt\/wp-content\/uploads\/2020\/10\/transferir1-e1479927581640.jpg?fit=1200%2C778&ssl=1\" \/>\n\t<meta property=\"og:image:width\" content=\"1200\" \/>\n\t<meta property=\"og:image:height\" content=\"778\" \/>\n\t<meta property=\"og:image:type\" content=\"image\/jpeg\" \/>\n<meta name=\"twitter:card\" content=\"summary_large_image\" \/>\n<script type=\"application\/ld+json\" class=\"yoast-schema-graph\">{\"@context\":\"https:\/\/schema.org\",\"@graph\":[{\"@type\":\"WebPage\",\"@id\":\"https:\/\/laboratoriodehistoria.pt\/index.php\/portfolio\/a-morte-da-monarquia-constitucional-e-a-implantacao-da-republica-palestra\/\",\"url\":\"https:\/\/laboratoriodehistoria.pt\/index.php\/portfolio\/a-morte-da-monarquia-constitucional-e-a-implantacao-da-republica-palestra\/\",\"name\":\"A Morte da Monarquia Constitucional e a implanta\u00e7\u00e3o da rep\u00fablica | Palestra - Laborat\u00f3rio de Hist\u00f3ria, Territ\u00f3rios e Comunidades\",\"isPartOf\":{\"@id\":\"https:\/\/laboratoriodehistoria.pt\/#website\"},\"primaryImageOfPage\":{\"@id\":\"https:\/\/laboratoriodehistoria.pt\/index.php\/portfolio\/a-morte-da-monarquia-constitucional-e-a-implantacao-da-republica-palestra\/#primaryimage\"},\"image\":{\"@id\":\"https:\/\/laboratoriodehistoria.pt\/index.php\/portfolio\/a-morte-da-monarquia-constitucional-e-a-implantacao-da-republica-palestra\/#primaryimage\"},\"thumbnailUrl\":\"https:\/\/i0.wp.com\/laboratoriodehistoria.pt\/wp-content\/uploads\/2020\/10\/transferir1-e1479927581640.jpg?fit=1200%2C778&ssl=1\",\"datePublished\":\"2016-10-03T12:00:52+00:00\",\"dateModified\":\"2020-11-10T18:02:26+00:00\",\"breadcrumb\":{\"@id\":\"https:\/\/laboratoriodehistoria.pt\/index.php\/portfolio\/a-morte-da-monarquia-constitucional-e-a-implantacao-da-republica-palestra\/#breadcrumb\"},\"inLanguage\":\"pt-PT\",\"potentialAction\":[{\"@type\":\"ReadAction\",\"target\":[\"https:\/\/laboratoriodehistoria.pt\/index.php\/portfolio\/a-morte-da-monarquia-constitucional-e-a-implantacao-da-republica-palestra\/\"]}]},{\"@type\":\"ImageObject\",\"inLanguage\":\"pt-PT\",\"@id\":\"https:\/\/laboratoriodehistoria.pt\/index.php\/portfolio\/a-morte-da-monarquia-constitucional-e-a-implantacao-da-republica-palestra\/#primaryimage\",\"url\":\"https:\/\/i0.wp.com\/laboratoriodehistoria.pt\/wp-content\/uploads\/2020\/10\/transferir1-e1479927581640.jpg?fit=1200%2C778&ssl=1\",\"contentUrl\":\"https:\/\/i0.wp.com\/laboratoriodehistoria.pt\/wp-content\/uploads\/2020\/10\/transferir1-e1479927581640.jpg?fit=1200%2C778&ssl=1\",\"width\":1200,\"height\":778},{\"@type\":\"BreadcrumbList\",\"@id\":\"https:\/\/laboratoriodehistoria.pt\/index.php\/portfolio\/a-morte-da-monarquia-constitucional-e-a-implantacao-da-republica-palestra\/#breadcrumb\",\"itemListElement\":[{\"@type\":\"ListItem\",\"position\":1,\"name\":\"Home\",\"item\":\"https:\/\/laboratoriodehistoria.pt\/\"},{\"@type\":\"ListItem\",\"position\":2,\"name\":\"Projects\",\"item\":\"https:\/\/laboratoriodehistoria.pt\/index.php\/portfolio\/\"},{\"@type\":\"ListItem\",\"position\":3,\"name\":\"A Morte da Monarquia Constitucional e a implanta\u00e7\u00e3o da rep\u00fablica | Palestra\"}]},{\"@type\":\"WebSite\",\"@id\":\"https:\/\/laboratoriodehistoria.pt\/#website\",\"url\":\"https:\/\/laboratoriodehistoria.pt\/\",\"name\":\"Laborat\u00f3rio de Hist\u00f3ria, Territ\u00f3rios e Comunidades\",\"description\":\"\",\"potentialAction\":[{\"@type\":\"SearchAction\",\"target\":{\"@type\":\"EntryPoint\",\"urlTemplate\":\"https:\/\/laboratoriodehistoria.pt\/?s={search_term_string}\"},\"query-input\":{\"@type\":\"PropertyValueSpecification\",\"valueRequired\":true,\"valueName\":\"search_term_string\"}}],\"inLanguage\":\"pt-PT\"}]}<\/script>\n<!-- \/ Yoast SEO plugin. -->","yoast_head_json":{"title":"A Morte da Monarquia Constitucional e a implanta\u00e7\u00e3o da rep\u00fablica | Palestra - Laborat\u00f3rio de Hist\u00f3ria, Territ\u00f3rios e Comunidades","robots":{"index":"index","follow":"follow","max-snippet":"max-snippet:-1","max-image-preview":"max-image-preview:large","max-video-preview":"max-video-preview:-1"},"canonical":"https:\/\/laboratoriodehistoria.pt\/index.php\/portfolio\/a-morte-da-monarquia-constitucional-e-a-implantacao-da-republica-palestra\/","og_locale":"pt_PT","og_type":"article","og_title":"A Morte da Monarquia Constitucional e a implanta\u00e7\u00e3o da rep\u00fablica | Palestra - Laborat\u00f3rio de Hist\u00f3ria, Territ\u00f3rios e Comunidades","og_url":"https:\/\/laboratoriodehistoria.pt\/index.php\/portfolio\/a-morte-da-monarquia-constitucional-e-a-implantacao-da-republica-palestra\/","og_site_name":"Laborat\u00f3rio de Hist\u00f3ria, Territ\u00f3rios e Comunidades","article_modified_time":"2020-11-10T18:02:26+00:00","og_image":[{"width":1200,"height":778,"url":"https:\/\/i2.wp.com\/laboratoriodehistoria.pt\/wp-content\/uploads\/2020\/10\/transferir1-e1479927581640.jpg?fit=1200%2C778&ssl=1","type":"image\/jpeg"}],"twitter_card":"summary_large_image","schema":{"@context":"https:\/\/schema.org","@graph":[{"@type":"WebPage","@id":"https:\/\/laboratoriodehistoria.pt\/index.php\/portfolio\/a-morte-da-monarquia-constitucional-e-a-implantacao-da-republica-palestra\/","url":"https:\/\/laboratoriodehistoria.pt\/index.php\/portfolio\/a-morte-da-monarquia-constitucional-e-a-implantacao-da-republica-palestra\/","name":"A Morte da Monarquia Constitucional e a implanta\u00e7\u00e3o da rep\u00fablica | Palestra - Laborat\u00f3rio de Hist\u00f3ria, Territ\u00f3rios e Comunidades","isPartOf":{"@id":"https:\/\/laboratoriodehistoria.pt\/#website"},"primaryImageOfPage":{"@id":"https:\/\/laboratoriodehistoria.pt\/index.php\/portfolio\/a-morte-da-monarquia-constitucional-e-a-implantacao-da-republica-palestra\/#primaryimage"},"image":{"@id":"https:\/\/laboratoriodehistoria.pt\/index.php\/portfolio\/a-morte-da-monarquia-constitucional-e-a-implantacao-da-republica-palestra\/#primaryimage"},"thumbnailUrl":"https:\/\/i0.wp.com\/laboratoriodehistoria.pt\/wp-content\/uploads\/2020\/10\/transferir1-e1479927581640.jpg?fit=1200%2C778&ssl=1","datePublished":"2016-10-03T12:00:52+00:00","dateModified":"2020-11-10T18:02:26+00:00","breadcrumb":{"@id":"https:\/\/laboratoriodehistoria.pt\/index.php\/portfolio\/a-morte-da-monarquia-constitucional-e-a-implantacao-da-republica-palestra\/#breadcrumb"},"inLanguage":"pt-PT","potentialAction":[{"@type":"ReadAction","target":["https:\/\/laboratoriodehistoria.pt\/index.php\/portfolio\/a-morte-da-monarquia-constitucional-e-a-implantacao-da-republica-palestra\/"]}]},{"@type":"ImageObject","inLanguage":"pt-PT","@id":"https:\/\/laboratoriodehistoria.pt\/index.php\/portfolio\/a-morte-da-monarquia-constitucional-e-a-implantacao-da-republica-palestra\/#primaryimage","url":"https:\/\/i0.wp.com\/laboratoriodehistoria.pt\/wp-content\/uploads\/2020\/10\/transferir1-e1479927581640.jpg?fit=1200%2C778&ssl=1","contentUrl":"https:\/\/i0.wp.com\/laboratoriodehistoria.pt\/wp-content\/uploads\/2020\/10\/transferir1-e1479927581640.jpg?fit=1200%2C778&ssl=1","width":1200,"height":778},{"@type":"BreadcrumbList","@id":"https:\/\/laboratoriodehistoria.pt\/index.php\/portfolio\/a-morte-da-monarquia-constitucional-e-a-implantacao-da-republica-palestra\/#breadcrumb","itemListElement":[{"@type":"ListItem","position":1,"name":"Home","item":"https:\/\/laboratoriodehistoria.pt\/"},{"@type":"ListItem","position":2,"name":"Projects","item":"https:\/\/laboratoriodehistoria.pt\/index.php\/portfolio\/"},{"@type":"ListItem","position":3,"name":"A Morte da Monarquia Constitucional e a implanta\u00e7\u00e3o da rep\u00fablica | Palestra"}]},{"@type":"WebSite","@id":"https:\/\/laboratoriodehistoria.pt\/#website","url":"https:\/\/laboratoriodehistoria.pt\/","name":"Laborat\u00f3rio de Hist\u00f3ria, Territ\u00f3rios e Comunidades","description":"","potentialAction":[{"@type":"SearchAction","target":{"@type":"EntryPoint","urlTemplate":"https:\/\/laboratoriodehistoria.pt\/?s={search_term_string}"},"query-input":{"@type":"PropertyValueSpecification","valueRequired":true,"valueName":"search_term_string"}}],"inLanguage":"pt-PT"}]}},"jetpack_sharing_enabled":true,"_links":{"self":[{"href":"https:\/\/laboratoriodehistoria.pt\/index.php\/wp-json\/wp\/v2\/jetpack-portfolio\/1003"}],"collection":[{"href":"https:\/\/laboratoriodehistoria.pt\/index.php\/wp-json\/wp\/v2\/jetpack-portfolio"}],"about":[{"href":"https:\/\/laboratoriodehistoria.pt\/index.php\/wp-json\/wp\/v2\/types\/jetpack-portfolio"}],"author":[{"embeddable":true,"href":"https:\/\/laboratoriodehistoria.pt\/index.php\/wp-json\/wp\/v2\/users\/1"}],"replies":[{"embeddable":true,"href":"https:\/\/laboratoriodehistoria.pt\/index.php\/wp-json\/wp\/v2\/comments?post=1003"}],"version-history":[{"count":1,"href":"https:\/\/laboratoriodehistoria.pt\/index.php\/wp-json\/wp\/v2\/jetpack-portfolio\/1003\/revisions"}],"predecessor-version":[{"id":1005,"href":"https:\/\/laboratoriodehistoria.pt\/index.php\/wp-json\/wp\/v2\/jetpack-portfolio\/1003\/revisions\/1005"}],"wp:featuredmedia":[{"embeddable":true,"href":"https:\/\/laboratoriodehistoria.pt\/index.php\/wp-json\/wp\/v2\/media\/1004"}],"wp:attachment":[{"href":"https:\/\/laboratoriodehistoria.pt\/index.php\/wp-json\/wp\/v2\/media?parent=1003"}],"wp:term":[{"taxonomy":"jetpack-portfolio-type","embeddable":true,"href":"https:\/\/laboratoriodehistoria.pt\/index.php\/wp-json\/wp\/v2\/jetpack-portfolio-type?post=1003"},{"taxonomy":"jetpack-portfolio-tag","embeddable":true,"href":"https:\/\/laboratoriodehistoria.pt\/index.php\/wp-json\/wp\/v2\/jetpack-portfolio-tag?post=1003"}],"curies":[{"name":"wp","href":"https:\/\/api.w.org\/{rel}","templated":true}]}}