{"id":1035,"date":"2017-04-26T12:00:48","date_gmt":"2017-04-26T12:00:48","guid":{"rendered":"https:\/\/laboratoriodehistoria.pt\/?post_type=jetpack-portfolio&#038;p=1035"},"modified":"2020-11-10T11:38:38","modified_gmt":"2020-11-10T11:38:38","slug":"crise-economica-em-portugal-no-final-de-oitocentos-palestra","status":"publish","type":"jetpack-portfolio","link":"https:\/\/laboratoriodehistoria.pt\/index.php\/portfolio\/crise-economica-em-portugal-no-final-de-oitocentos-palestra\/","title":{"rendered":"Crise Econ\u00f3mica em Portugal no final de Oitocentos | Palestra"},"content":{"rendered":"<p>A sess\u00e3o dedica-se a caracterizar a estrutura econ\u00f3mica portuguesa na segunda metade de Oitocentos, no que toca ao desenvolvimento da agricultura, culturas de maior crescimento no mercado interno e no espa\u00e7o externo, a interven\u00e7\u00e3o do Estado no sector agr\u00edcola, a revis\u00e3o alfandeg\u00e1ria de 1892 e o respectivo impacto. Explicita-se o crescimento da ind\u00fastria em Portugal na segunda metade do s\u00e9c. XIX segundo condicionantes ao desenvolvimento industrial portugu\u00eas, os dom\u00ednios de expans\u00e3o e os mercados preferenciais da ind\u00fastria nacional.<\/p>\n<p>Enquadra-se o com\u00e9rcio externo portugu\u00eas na segunda metade do s\u00e9c. XIX, caracterizando a balan\u00e7a comercial do pa\u00eds entre 1851 e 1890 e as tend\u00eancias predominantes.<\/p>\n<p>Caracteriza-se tamb\u00e9m a evolu\u00e7\u00e3o das finan\u00e7as p\u00fablicas portuguesas na segunda metade do s\u00e9c. XIX: o modelo fontista e as fontes de financiamento do Estado Portugu\u00eas. A Crise de 1876, as suas causas e consequ\u00eancias.<\/p>\n<p>Define-se ainda a Crise Econ\u00f3mica de 1891-1893, procurando compreender o que distingue a\u00a0crise econ\u00f3mica da crise financeira. Caracterizam-se as\u00a0dificuldades financeiras do Estado Portugu\u00eas no in\u00edcio da d\u00e9cada de 90 do s\u00e9c. XIX: as causas pr\u00f3ximas da Crise, a crise portuguesa e a crise das economias europeias em finais do s\u00e9c. XIX<\/p>\n<p>Enquadra-se o regresso ao proteccionismo nas din\u00e2micas entres os Estados Europeus e os pa\u00edses do Novo Mundo, as pol\u00edticas de recupera\u00e7\u00e3o financeira do Estado Portugu\u00eas: da bancarrota parcial do estado, em 1892, ao Conv\u00e9nio com os credores estrangeiros, em 1902 e o impacto da Crise na economia portuguesa nos prim\u00f3rdios do s\u00e9c. XX.<\/p>\n<p>Portugal na Europa e Portugal em \u00c1frica: as consequ\u00eancias da crise na projec\u00e7\u00e3o geopol\u00edtica portuguesa no contexto europeu e no espa\u00e7o africano<\/p>\n<h1><strong>Teresa Nunes<\/strong><\/h1>\n<p>Professora auxiliar na Faculdade de Letras da Universidade de Lisboa, directora da licenciatura em Estudos Europeus, investigadora do Instituto de Hist\u00f3ria Contempor\u00e2nea da Faculdade de Ci\u00eancias Sociais e Humanas da Universidade Nova de Lisboa, investigadora do Centro de Hist\u00f3ria da Faculdade de Letras da Universidade de Lisboa e membro do Col\u00e9gio Food, Farming and Forestry da Universidade de Lisboa (Conselho Coordenador e Linha 3 forma\u00e7\u00e3o avan\u00e7ada). Doutorou-se em Hist\u00f3ria Contempor\u00e2nea pela Faculdade de Letras da Universidade de Lisboa com uma disserta\u00e7\u00e3o <em>O Ide\u00e1rio Republicano de Ezequiel de Campos (1900-1919)<\/em>.<\/p>\n<p>Publicou os livros: <em>Fontes Pereira de Melo<\/em>, Lisboa, Planeta DeAgostini, 2005, <em>Maria da Fonte e Patuleia (1846-1847), Batalhas da Hist\u00f3ria de Portugal<\/em>, vol 16, Porto, Academia Portuguesa de Hist\u00f3ria\/QuidNovi, 2006 (2\u00aa edi\u00e7\u00e3o em 2007), <em>Carlos Malheiro Dias. Um Mon\u00e1rquico entre dois regimes<\/em>, Lisboa, Centro de Hist\u00f3ria\/Caleidosc\u00f3pio, 2009, <em>D. Carlos, Reis de Portugal<\/em>, vol. 33, Porto, Academia Portuguesa de Hist\u00f3ria\/Quid Novi, 2010, <em>D. Am\u00e9lia de Orle\u00e3es, Rainhas e Princesas de Portugal<\/em>, n\u00ba 12, Porto, Academia Portuguesa de Hist\u00f3ria\/Quid Novi, 2011 e, em co-autoria, <em>Ant\u00f3nio Granjo. Rep\u00fablica e Liberdade<\/em>, Colec\u00e7\u00e3o Parlamento, Lisboa, Assembleia da Rep\u00fablica, 2012. Com colabora\u00e7\u00e3o em obras colectivas: <em>Os Anos de Salaza<\/em>r (2008), <em>Dicion\u00e1rio dos Historiadores Portugueses<\/em>, dir. por S\u00e9rgio Campos Matos, <em>Dicion\u00e1rio de Hist\u00f3ria da I Rep\u00fablica e do Republicanismo<\/em>, dir. por Maria Fernanda Rollo.<\/p>\n","protected":false},"excerpt":{"rendered":"<p>A sess\u00e3o dedica-se a caracterizar a estrutura econ\u00f3mica portuguesa na segunda metade de Oitocentos, no que toca ao desenvolvimento da agricultura, culturas de maior crescimento no mercado interno e no espa\u00e7o externo, a interven\u00e7\u00e3o do Estado no sector agr\u00edcola, a revis\u00e3o alfandeg\u00e1ria de 1892 e o respectivo impacto. Explicita-se o crescimento da ind\u00fastria em Portugal [&hellip;]<\/p>\n","protected":false},"author":1,"featured_media":1036,"comment_status":"closed","ping_status":"closed","template":"","format":"standard","meta":[],"jetpack-portfolio-type":[43],"jetpack-portfolio-tag":[],"yoast_head":"<!-- This site is optimized with the Yoast SEO plugin v23.5 - https:\/\/yoast.com\/wordpress\/plugins\/seo\/ -->\n<title>Crise Econ\u00f3mica em Portugal no final de Oitocentos | Palestra - Laborat\u00f3rio de Hist\u00f3ria, Territ\u00f3rios e Comunidades<\/title>\n<meta name=\"robots\" content=\"index, follow, max-snippet:-1, max-image-preview:large, max-video-preview:-1\" \/>\n<link rel=\"canonical\" href=\"https:\/\/laboratoriodehistoria.pt\/index.php\/portfolio\/crise-economica-em-portugal-no-final-de-oitocentos-palestra\/\" \/>\n<meta property=\"og:locale\" content=\"pt_PT\" \/>\n<meta property=\"og:type\" content=\"article\" \/>\n<meta property=\"og:title\" content=\"Crise Econ\u00f3mica em Portugal no final de Oitocentos | Palestra - Laborat\u00f3rio de Hist\u00f3ria, Territ\u00f3rios e Comunidades\" \/>\n<meta property=\"og:description\" content=\"A sess\u00e3o dedica-se a caracterizar a estrutura econ\u00f3mica portuguesa na segunda metade de Oitocentos, no que toca ao desenvolvimento da agricultura, culturas de maior crescimento no mercado interno e no espa\u00e7o externo, a interven\u00e7\u00e3o do Estado no sector agr\u00edcola, a revis\u00e3o alfandeg\u00e1ria de 1892 e o respectivo impacto. Explicita-se o crescimento da ind\u00fastria em Portugal [&hellip;]\" \/>\n<meta property=\"og:url\" content=\"https:\/\/laboratoriodehistoria.pt\/index.php\/portfolio\/crise-economica-em-portugal-no-final-de-oitocentos-palestra\/\" \/>\n<meta property=\"og:site_name\" content=\"Laborat\u00f3rio de Hist\u00f3ria, Territ\u00f3rios e Comunidades\" \/>\n<meta property=\"article:modified_time\" content=\"2020-11-10T11:38:38+00:00\" \/>\n<meta property=\"og:image\" content=\"https:\/\/i0.wp.com\/laboratoriodehistoria.pt\/wp-content\/uploads\/2020\/10\/5.jpg?fit=1200%2C1013&ssl=1\" \/>\n\t<meta property=\"og:image:width\" content=\"1200\" \/>\n\t<meta property=\"og:image:height\" content=\"1013\" \/>\n\t<meta property=\"og:image:type\" content=\"image\/jpeg\" \/>\n<meta name=\"twitter:card\" content=\"summary_large_image\" \/>\n<meta name=\"twitter:label1\" content=\"Tempo estimado de leitura\" \/>\n\t<meta name=\"twitter:data1\" content=\"3 minutos\" \/>\n<script type=\"application\/ld+json\" class=\"yoast-schema-graph\">{\"@context\":\"https:\/\/schema.org\",\"@graph\":[{\"@type\":\"WebPage\",\"@id\":\"https:\/\/laboratoriodehistoria.pt\/index.php\/portfolio\/crise-economica-em-portugal-no-final-de-oitocentos-palestra\/\",\"url\":\"https:\/\/laboratoriodehistoria.pt\/index.php\/portfolio\/crise-economica-em-portugal-no-final-de-oitocentos-palestra\/\",\"name\":\"Crise Econ\u00f3mica em Portugal no final de Oitocentos | Palestra - Laborat\u00f3rio de Hist\u00f3ria, Territ\u00f3rios e Comunidades\",\"isPartOf\":{\"@id\":\"https:\/\/laboratoriodehistoria.pt\/#website\"},\"primaryImageOfPage\":{\"@id\":\"https:\/\/laboratoriodehistoria.pt\/index.php\/portfolio\/crise-economica-em-portugal-no-final-de-oitocentos-palestra\/#primaryimage\"},\"image\":{\"@id\":\"https:\/\/laboratoriodehistoria.pt\/index.php\/portfolio\/crise-economica-em-portugal-no-final-de-oitocentos-palestra\/#primaryimage\"},\"thumbnailUrl\":\"https:\/\/i0.wp.com\/laboratoriodehistoria.pt\/wp-content\/uploads\/2020\/10\/5.jpg?fit=1200%2C1013&ssl=1\",\"datePublished\":\"2017-04-26T12:00:48+00:00\",\"dateModified\":\"2020-11-10T11:38:38+00:00\",\"breadcrumb\":{\"@id\":\"https:\/\/laboratoriodehistoria.pt\/index.php\/portfolio\/crise-economica-em-portugal-no-final-de-oitocentos-palestra\/#breadcrumb\"},\"inLanguage\":\"pt-PT\",\"potentialAction\":[{\"@type\":\"ReadAction\",\"target\":[\"https:\/\/laboratoriodehistoria.pt\/index.php\/portfolio\/crise-economica-em-portugal-no-final-de-oitocentos-palestra\/\"]}]},{\"@type\":\"ImageObject\",\"inLanguage\":\"pt-PT\",\"@id\":\"https:\/\/laboratoriodehistoria.pt\/index.php\/portfolio\/crise-economica-em-portugal-no-final-de-oitocentos-palestra\/#primaryimage\",\"url\":\"https:\/\/i0.wp.com\/laboratoriodehistoria.pt\/wp-content\/uploads\/2020\/10\/5.jpg?fit=1200%2C1013&ssl=1\",\"contentUrl\":\"https:\/\/i0.wp.com\/laboratoriodehistoria.pt\/wp-content\/uploads\/2020\/10\/5.jpg?fit=1200%2C1013&ssl=1\",\"width\":1200,\"height\":1013},{\"@type\":\"BreadcrumbList\",\"@id\":\"https:\/\/laboratoriodehistoria.pt\/index.php\/portfolio\/crise-economica-em-portugal-no-final-de-oitocentos-palestra\/#breadcrumb\",\"itemListElement\":[{\"@type\":\"ListItem\",\"position\":1,\"name\":\"Home\",\"item\":\"https:\/\/laboratoriodehistoria.pt\/\"},{\"@type\":\"ListItem\",\"position\":2,\"name\":\"Projects\",\"item\":\"https:\/\/laboratoriodehistoria.pt\/index.php\/portfolio\/\"},{\"@type\":\"ListItem\",\"position\":3,\"name\":\"Crise Econ\u00f3mica em Portugal no final de Oitocentos | Palestra\"}]},{\"@type\":\"WebSite\",\"@id\":\"https:\/\/laboratoriodehistoria.pt\/#website\",\"url\":\"https:\/\/laboratoriodehistoria.pt\/\",\"name\":\"Laborat\u00f3rio de Hist\u00f3ria, Territ\u00f3rios e Comunidades\",\"description\":\"\",\"potentialAction\":[{\"@type\":\"SearchAction\",\"target\":{\"@type\":\"EntryPoint\",\"urlTemplate\":\"https:\/\/laboratoriodehistoria.pt\/?s={search_term_string}\"},\"query-input\":{\"@type\":\"PropertyValueSpecification\",\"valueRequired\":true,\"valueName\":\"search_term_string\"}}],\"inLanguage\":\"pt-PT\"}]}<\/script>\n<!-- \/ Yoast SEO plugin. -->","yoast_head_json":{"title":"Crise Econ\u00f3mica em Portugal no final de Oitocentos | Palestra - Laborat\u00f3rio de Hist\u00f3ria, Territ\u00f3rios e Comunidades","robots":{"index":"index","follow":"follow","max-snippet":"max-snippet:-1","max-image-preview":"max-image-preview:large","max-video-preview":"max-video-preview:-1"},"canonical":"https:\/\/laboratoriodehistoria.pt\/index.php\/portfolio\/crise-economica-em-portugal-no-final-de-oitocentos-palestra\/","og_locale":"pt_PT","og_type":"article","og_title":"Crise Econ\u00f3mica em Portugal no final de Oitocentos | Palestra - Laborat\u00f3rio de Hist\u00f3ria, Territ\u00f3rios e Comunidades","og_description":"A sess\u00e3o dedica-se a caracterizar a estrutura econ\u00f3mica portuguesa na segunda metade de Oitocentos, no que toca ao desenvolvimento da agricultura, culturas de maior crescimento no mercado interno e no espa\u00e7o externo, a interven\u00e7\u00e3o do Estado no sector agr\u00edcola, a revis\u00e3o alfandeg\u00e1ria de 1892 e o respectivo impacto. Explicita-se o crescimento da ind\u00fastria em Portugal [&hellip;]","og_url":"https:\/\/laboratoriodehistoria.pt\/index.php\/portfolio\/crise-economica-em-portugal-no-final-de-oitocentos-palestra\/","og_site_name":"Laborat\u00f3rio de Hist\u00f3ria, Territ\u00f3rios e Comunidades","article_modified_time":"2020-11-10T11:38:38+00:00","og_image":[{"width":1200,"height":1013,"url":"https:\/\/i0.wp.com\/laboratoriodehistoria.pt\/wp-content\/uploads\/2020\/10\/5.jpg?fit=1200%2C1013&ssl=1","type":"image\/jpeg"}],"twitter_card":"summary_large_image","twitter_misc":{"Tempo estimado de leitura":"3 minutos"},"schema":{"@context":"https:\/\/schema.org","@graph":[{"@type":"WebPage","@id":"https:\/\/laboratoriodehistoria.pt\/index.php\/portfolio\/crise-economica-em-portugal-no-final-de-oitocentos-palestra\/","url":"https:\/\/laboratoriodehistoria.pt\/index.php\/portfolio\/crise-economica-em-portugal-no-final-de-oitocentos-palestra\/","name":"Crise Econ\u00f3mica em Portugal no final de Oitocentos | Palestra - Laborat\u00f3rio de Hist\u00f3ria, Territ\u00f3rios e Comunidades","isPartOf":{"@id":"https:\/\/laboratoriodehistoria.pt\/#website"},"primaryImageOfPage":{"@id":"https:\/\/laboratoriodehistoria.pt\/index.php\/portfolio\/crise-economica-em-portugal-no-final-de-oitocentos-palestra\/#primaryimage"},"image":{"@id":"https:\/\/laboratoriodehistoria.pt\/index.php\/portfolio\/crise-economica-em-portugal-no-final-de-oitocentos-palestra\/#primaryimage"},"thumbnailUrl":"https:\/\/i0.wp.com\/laboratoriodehistoria.pt\/wp-content\/uploads\/2020\/10\/5.jpg?fit=1200%2C1013&ssl=1","datePublished":"2017-04-26T12:00:48+00:00","dateModified":"2020-11-10T11:38:38+00:00","breadcrumb":{"@id":"https:\/\/laboratoriodehistoria.pt\/index.php\/portfolio\/crise-economica-em-portugal-no-final-de-oitocentos-palestra\/#breadcrumb"},"inLanguage":"pt-PT","potentialAction":[{"@type":"ReadAction","target":["https:\/\/laboratoriodehistoria.pt\/index.php\/portfolio\/crise-economica-em-portugal-no-final-de-oitocentos-palestra\/"]}]},{"@type":"ImageObject","inLanguage":"pt-PT","@id":"https:\/\/laboratoriodehistoria.pt\/index.php\/portfolio\/crise-economica-em-portugal-no-final-de-oitocentos-palestra\/#primaryimage","url":"https:\/\/i0.wp.com\/laboratoriodehistoria.pt\/wp-content\/uploads\/2020\/10\/5.jpg?fit=1200%2C1013&ssl=1","contentUrl":"https:\/\/i0.wp.com\/laboratoriodehistoria.pt\/wp-content\/uploads\/2020\/10\/5.jpg?fit=1200%2C1013&ssl=1","width":1200,"height":1013},{"@type":"BreadcrumbList","@id":"https:\/\/laboratoriodehistoria.pt\/index.php\/portfolio\/crise-economica-em-portugal-no-final-de-oitocentos-palestra\/#breadcrumb","itemListElement":[{"@type":"ListItem","position":1,"name":"Home","item":"https:\/\/laboratoriodehistoria.pt\/"},{"@type":"ListItem","position":2,"name":"Projects","item":"https:\/\/laboratoriodehistoria.pt\/index.php\/portfolio\/"},{"@type":"ListItem","position":3,"name":"Crise Econ\u00f3mica em Portugal no final de Oitocentos | Palestra"}]},{"@type":"WebSite","@id":"https:\/\/laboratoriodehistoria.pt\/#website","url":"https:\/\/laboratoriodehistoria.pt\/","name":"Laborat\u00f3rio de Hist\u00f3ria, Territ\u00f3rios e Comunidades","description":"","potentialAction":[{"@type":"SearchAction","target":{"@type":"EntryPoint","urlTemplate":"https:\/\/laboratoriodehistoria.pt\/?s={search_term_string}"},"query-input":{"@type":"PropertyValueSpecification","valueRequired":true,"valueName":"search_term_string"}}],"inLanguage":"pt-PT"}]}},"jetpack_sharing_enabled":true,"_links":{"self":[{"href":"https:\/\/laboratoriodehistoria.pt\/index.php\/wp-json\/wp\/v2\/jetpack-portfolio\/1035"}],"collection":[{"href":"https:\/\/laboratoriodehistoria.pt\/index.php\/wp-json\/wp\/v2\/jetpack-portfolio"}],"about":[{"href":"https:\/\/laboratoriodehistoria.pt\/index.php\/wp-json\/wp\/v2\/types\/jetpack-portfolio"}],"author":[{"embeddable":true,"href":"https:\/\/laboratoriodehistoria.pt\/index.php\/wp-json\/wp\/v2\/users\/1"}],"replies":[{"embeddable":true,"href":"https:\/\/laboratoriodehistoria.pt\/index.php\/wp-json\/wp\/v2\/comments?post=1035"}],"version-history":[{"count":2,"href":"https:\/\/laboratoriodehistoria.pt\/index.php\/wp-json\/wp\/v2\/jetpack-portfolio\/1035\/revisions"}],"predecessor-version":[{"id":1249,"href":"https:\/\/laboratoriodehistoria.pt\/index.php\/wp-json\/wp\/v2\/jetpack-portfolio\/1035\/revisions\/1249"}],"wp:featuredmedia":[{"embeddable":true,"href":"https:\/\/laboratoriodehistoria.pt\/index.php\/wp-json\/wp\/v2\/media\/1036"}],"wp:attachment":[{"href":"https:\/\/laboratoriodehistoria.pt\/index.php\/wp-json\/wp\/v2\/media?parent=1035"}],"wp:term":[{"taxonomy":"jetpack-portfolio-type","embeddable":true,"href":"https:\/\/laboratoriodehistoria.pt\/index.php\/wp-json\/wp\/v2\/jetpack-portfolio-type?post=1035"},{"taxonomy":"jetpack-portfolio-tag","embeddable":true,"href":"https:\/\/laboratoriodehistoria.pt\/index.php\/wp-json\/wp\/v2\/jetpack-portfolio-tag?post=1035"}],"curies":[{"name":"wp","href":"https:\/\/api.w.org\/{rel}","templated":true}]}}